{"id":13357,"date":"2024-01-25T11:31:53","date_gmt":"2024-01-25T10:31:53","guid":{"rendered":"https:\/\/insta.systemtest.io\/?post_type=jobs&#038;p=13357"},"modified":"2024-01-25T11:31:53","modified_gmt":"2024-01-25T10:31:53","slug":"marketingmanager-m-w-d","status":"publish","type":"jobs","link":"https:\/\/www.instalighting.de\/hr\/jobs\/marketingmanager-m-w-d\/","title":{"rendered":"Marketingmanager (m\/w\/d)"},"content":{"rendered":"<p class=\"has-black-color has-text-color\" style=\"font-size:26px\"><strong>Festanstellung, Vollzeit, ab sofort<\/strong><\/p>\n\n\n\n<p><\/p>\n\n\n\n<p><strong>Stvaranje novih mogu\u0107nosti kroz svjetlo<\/strong><br>Inteligentno svjetlo je vi\u0161e od tehnologije - a<br>Nadogradnja za gradove, turizam, transport, ekologiju, iskustvo kupnje, sigurnost i povezano<br>Svijet sutra\u0161njice. Na\u0161a rasvjetna rje\u0161enja nude konkretnu dodanu vrijednost za kupce i korisnike. Vi\u0161e od 30 godina mi u InstaLightingu se bavimo pitanjem kako mo\u017eemo stvoriti tu dodanu vrijednost.<br>\u017delite li biti dio toga i aktivno doprinijeti daljnjem razvoju InstaLightinga?<\/p>\n\n\n\n<p><strong>Vi ste odgovorni za<\/strong><\/p>\n\n\n\n<ul class=\"wp-block-list\">\n<li>Betreuung des Produktportfolios, Pflege der Produktdaten in Abstimmung mit der technischen Abteilung<\/li>\n\n\n\n<li>Erstellung von Produktkatalogen<\/li>\n\n\n\n<li>Betreuung unserer Social-Media-Kan\u00e4le, sowie unserer Webseite<\/li>\n\n\n\n<li>Unterst\u00fctzung des Vertriebsau\u00dfendienstes bei Kundenaktionen<\/li>\n\n\n\n<li>Stetige Beobachtung des Wettbewerbs sowie der Online-Marketing-Branche<\/li>\n\n\n\n<li>Eigenst\u00e4ndige Konzeption, Umsetzung und Analyse von Marketing-Kampagnen mit Budgetverantwortung<\/li>\n\n\n\n<li>Zentraler Ansprechpartner f\u00fcr Schnittstellenthemen mit anderen Abteilungen<\/li>\n<\/ul>\n\n\n\n<p><strong><strong>tvoj profil<\/strong><\/strong><\/p>\n\n\n\n<ul class=\"wp-block-list\">\n<li>Abgeschlossene kaufm\u00e4nnische, technische Ausbildung oder eine vergleichbare Qualifikation<\/li>\n\n\n\n<li>Du bist ein redaktionelles Talent, vielseitig und hast eine hohe Anpassungsf\u00e4higkeit<\/li>\n\n\n\n<li>Sicherer Umgang mit MS-Office und Adobe Produkten (z.B. Photoshop, etc.)<\/li>\n\n\n\n<li>Sicherer Umgang mit WordPress<\/li>\n\n\n\n<li>Eigenverantwortliches und kundenorientiertes Arbeiten<\/li>\n\n\n\n<li>Interesse an technischen Produkten der Beleuchtungsindustrie<\/li>\n<\/ul>\n\n\n\n<p><strong>\u0160to vam nudimo<\/strong><\/p>\n\n\n\n<ul class=\"wp-block-list\">\n<li>Radno okru\u017eenje pogodno za obitelj<\/li>\n\n\n\n<li>Sicherer Arbeitsplatz mit leistungsgerechter Verg\u00fctung<\/li>\n\n\n\n<li>Fleksibilno radno vrijeme<\/li>\n\n\n\n<li>\u0160ansa za rast s izazovima i za ostvarivanje individualnih ciljeva<\/li>\n\n\n\n<li>Razli\u010dite mogu\u0107nosti usavr\u0161avanja i daljnjeg obrazovanja<\/li>\n<\/ul>\n\n\n\n<p>Budite dio na\u0161eg tima!<br>Martin \u0107e rado odgovoriti na sva va\u0161a pitanja:<br>Martin Long<br>Tel 02351 \u2013 65619 17<br>personal@instalighting.de<\/p>\n\n\n\n<figure class=\"wp-block-image size-large\"><img loading=\"lazy\" decoding=\"async\" width=\"1024\" height=\"363\" src=\"https:\/\/instalighting.de\/wp-content\/uploads\/2023\/03\/image-1024x363.png\" alt=\"\" class=\"wp-image-12267\" srcset=\"https:\/\/www.instalighting.de\/wp-content\/uploads\/2023\/03\/image-1024x363.png 1024w, https:\/\/www.instalighting.de\/wp-content\/uploads\/2023\/03\/image-300x106.png 300w, https:\/\/www.instalighting.de\/wp-content\/uploads\/2023\/03\/image-768x272.png 768w, https:\/\/www.instalighting.de\/wp-content\/uploads\/2023\/03\/image-18x6.png 18w, https:\/\/www.instalighting.de\/wp-content\/uploads\/2023\/03\/image.png 1157w\" sizes=\"auto, (max-width: 1024px) 100vw, 1024px\" \/><\/figure>","protected":false},"template":"templates\/single-jobs.php","class_list":["post-13357","jobs","type-jobs","status-publish","hentry"],"acf":[],"yoast_head":"<!-- This site is optimized with the Yoast SEO plugin v27.5 - https:\/\/yoast.com\/product\/yoast-seo-wordpress\/ -->\n<title>Marketingmanager (m\/w\/d) - InstaLighting<\/title>\n<meta name=\"robots\" content=\"index, follow, max-snippet:-1, max-image-preview:large, max-video-preview:-1\" \/>\n<link rel=\"canonical\" href=\"https:\/\/www.instalighting.de\/hr\/radnih-mjesta\/marketingmanager-m-w-d\/\" \/>\n<meta property=\"og:locale\" content=\"hr_HR\" \/>\n<meta property=\"og:type\" content=\"article\" \/>\n<meta property=\"og:title\" content=\"Marketingmanager (m\/w\/d) - InstaLighting\" \/>\n<meta property=\"og:description\" content=\"Festanstellung, Vollzeit, ab sofort Neue M\u00f6glichkeiten schaffen durch LichtIntelligentes Licht ist mehr als Technologie \u2013 eineAufwertung f\u00fcr St\u00e4dte, Tourismus, Verkehr, \u00d6kologie, Shopping-Erlebnisse, Sicherheit und die vernetzteWelt von morgen. Unsere Lichtl\u00f6sungen bieten konkrete Mehrwerte f\u00fcr Kunden und Nutzer. Seit mehr als 30 Jahren besch\u00e4ftigen wir uns bei InstaLighting mit der Frage, wie wir diese Mehrwerte schaffen [&hellip;]\" \/>\n<meta property=\"og:url\" content=\"https:\/\/www.instalighting.de\/hr\/radnih-mjesta\/marketingmanager-m-w-d\/\" \/>\n<meta property=\"og:site_name\" content=\"InstaLighting\" \/>\n<meta property=\"og:image\" content=\"https:\/\/instalighting.de\/wp-content\/uploads\/2023\/03\/image-1024x363.png\" \/>\n<meta name=\"twitter:card\" content=\"summary_large_image\" \/>\n<meta name=\"twitter:label1\" content=\"Procijenjeno vrijeme \u010ditanja\" \/>\n\t<meta name=\"twitter:data1\" content=\"2 minute\" \/>\n<script type=\"application\/ld+json\" class=\"yoast-schema-graph\">{\"@context\":\"https:\\\/\\\/schema.org\",\"@graph\":[{\"@type\":\"WebPage\",\"@id\":\"https:\\\/\\\/www.instalighting.de\\\/es\\\/trabajos\\\/marketingmanager-m-w-d\\\/\",\"url\":\"https:\\\/\\\/www.instalighting.de\\\/es\\\/trabajos\\\/marketingmanager-m-w-d\\\/\",\"name\":\"Marketingmanager (m\\\/w\\\/d) - InstaLighting\",\"isPartOf\":{\"@id\":\"https:\\\/\\\/www.instalighting.de\\\/sv\\\/#website\"},\"primaryImageOfPage\":{\"@id\":\"https:\\\/\\\/www.instalighting.de\\\/es\\\/trabajos\\\/marketingmanager-m-w-d\\\/#primaryimage\"},\"image\":{\"@id\":\"https:\\\/\\\/www.instalighting.de\\\/es\\\/trabajos\\\/marketingmanager-m-w-d\\\/#primaryimage\"},\"thumbnailUrl\":\"https:\\\/\\\/instalighting.de\\\/wp-content\\\/uploads\\\/2023\\\/03\\\/image-1024x363.png\",\"datePublished\":\"2024-01-25T10:31:53+00:00\",\"breadcrumb\":{\"@id\":\"https:\\\/\\\/www.instalighting.de\\\/es\\\/trabajos\\\/marketingmanager-m-w-d\\\/#breadcrumb\"},\"inLanguage\":\"hr\",\"potentialAction\":[{\"@type\":\"ReadAction\",\"target\":[\"https:\\\/\\\/www.instalighting.de\\\/es\\\/trabajos\\\/marketingmanager-m-w-d\\\/\"]}]},{\"@type\":\"ImageObject\",\"inLanguage\":\"hr\",\"@id\":\"https:\\\/\\\/www.instalighting.de\\\/es\\\/trabajos\\\/marketingmanager-m-w-d\\\/#primaryimage\",\"url\":\"https:\\\/\\\/instalighting.de\\\/wp-content\\\/uploads\\\/2023\\\/03\\\/image-1024x363.png\",\"contentUrl\":\"https:\\\/\\\/instalighting.de\\\/wp-content\\\/uploads\\\/2023\\\/03\\\/image-1024x363.png\"},{\"@type\":\"BreadcrumbList\",\"@id\":\"https:\\\/\\\/www.instalighting.de\\\/es\\\/trabajos\\\/marketingmanager-m-w-d\\\/#breadcrumb\",\"itemListElement\":[{\"@type\":\"ListItem\",\"position\":1,\"name\":\"instalighting.de\",\"item\":\"https:\\\/\\\/www.instalighting.de\\\/\"},{\"@type\":\"ListItem\",\"position\":2,\"name\":\"Marketingmanager (m\\\/w\\\/d)\"}]},{\"@type\":\"WebSite\",\"@id\":\"https:\\\/\\\/www.instalighting.de\\\/sv\\\/#website\",\"url\":\"https:\\\/\\\/www.instalighting.de\\\/sv\\\/\",\"name\":\"InstaLighting\",\"description\":\"Light as a solution\",\"potentialAction\":[{\"@type\":\"SearchAction\",\"target\":{\"@type\":\"EntryPoint\",\"urlTemplate\":\"https:\\\/\\\/www.instalighting.de\\\/sv\\\/?s={search_term_string}\"},\"query-input\":{\"@type\":\"PropertyValueSpecification\",\"valueRequired\":true,\"valueName\":\"search_term_string\"}}],\"inLanguage\":\"hr\"}]}<\/script>\n<!-- \/ Yoast SEO plugin. -->","yoast_head_json":{"title":"Marketingmanager (m\/w\/d) - InstaLighting","robots":{"index":"index","follow":"follow","max-snippet":"max-snippet:-1","max-image-preview":"max-image-preview:large","max-video-preview":"max-video-preview:-1"},"canonical":"https:\/\/www.instalighting.de\/hr\/radnih-mjesta\/marketingmanager-m-w-d\/","og_locale":"hr_HR","og_type":"article","og_title":"Marketingmanager (m\/w\/d) - InstaLighting","og_description":"Festanstellung, Vollzeit, ab sofort Neue M\u00f6glichkeiten schaffen durch LichtIntelligentes Licht ist mehr als Technologie \u2013 eineAufwertung f\u00fcr St\u00e4dte, Tourismus, Verkehr, \u00d6kologie, Shopping-Erlebnisse, Sicherheit und die vernetzteWelt von morgen. Unsere Lichtl\u00f6sungen bieten konkrete Mehrwerte f\u00fcr Kunden und Nutzer. Seit mehr als 30 Jahren besch\u00e4ftigen wir uns bei InstaLighting mit der Frage, wie wir diese Mehrwerte schaffen [&hellip;]","og_url":"https:\/\/www.instalighting.de\/hr\/radnih-mjesta\/marketingmanager-m-w-d\/","og_site_name":"InstaLighting","og_image":[{"url":"https:\/\/instalighting.de\/wp-content\/uploads\/2023\/03\/image-1024x363.png","type":"","width":"","height":""}],"twitter_card":"summary_large_image","twitter_misc":{"Procijenjeno vrijeme \u010ditanja":"2 minute"},"schema":{"@context":"https:\/\/schema.org","@graph":[{"@type":"WebPage","@id":"https:\/\/www.instalighting.de\/es\/trabajos\/marketingmanager-m-w-d\/","url":"https:\/\/www.instalighting.de\/es\/trabajos\/marketingmanager-m-w-d\/","name":"Marketingmanager (m\/w\/d) - InstaLighting","isPartOf":{"@id":"https:\/\/www.instalighting.de\/sv\/#website"},"primaryImageOfPage":{"@id":"https:\/\/www.instalighting.de\/es\/trabajos\/marketingmanager-m-w-d\/#primaryimage"},"image":{"@id":"https:\/\/www.instalighting.de\/es\/trabajos\/marketingmanager-m-w-d\/#primaryimage"},"thumbnailUrl":"https:\/\/instalighting.de\/wp-content\/uploads\/2023\/03\/image-1024x363.png","datePublished":"2024-01-25T10:31:53+00:00","breadcrumb":{"@id":"https:\/\/www.instalighting.de\/es\/trabajos\/marketingmanager-m-w-d\/#breadcrumb"},"inLanguage":"hr","potentialAction":[{"@type":"ReadAction","target":["https:\/\/www.instalighting.de\/es\/trabajos\/marketingmanager-m-w-d\/"]}]},{"@type":"ImageObject","inLanguage":"hr","@id":"https:\/\/www.instalighting.de\/es\/trabajos\/marketingmanager-m-w-d\/#primaryimage","url":"https:\/\/instalighting.de\/wp-content\/uploads\/2023\/03\/image-1024x363.png","contentUrl":"https:\/\/instalighting.de\/wp-content\/uploads\/2023\/03\/image-1024x363.png"},{"@type":"BreadcrumbList","@id":"https:\/\/www.instalighting.de\/es\/trabajos\/marketingmanager-m-w-d\/#breadcrumb","itemListElement":[{"@type":"ListItem","position":1,"name":"instalighting.de","item":"https:\/\/www.instalighting.de\/"},{"@type":"ListItem","position":2,"name":"Marketingmanager (m\/w\/d)"}]},{"@type":"WebSite","@id":"https:\/\/www.instalighting.de\/sv\/#website","url":"https:\/\/www.instalighting.de\/sv\/","name":"InstaLighting","description":"Svjetlost kao rje\u0161enje","potentialAction":[{"@type":"SearchAction","target":{"@type":"EntryPoint","urlTemplate":"https:\/\/www.instalighting.de\/sv\/?s={search_term_string}"},"query-input":{"@type":"PropertyValueSpecification","valueRequired":true,"valueName":"search_term_string"}}],"inLanguage":"hr"}]}},"_links":{"self":[{"href":"https:\/\/www.instalighting.de\/hr\/wp-json\/wp\/v2\/jobs\/13357","targetHints":{"allow":["GET"]}}],"collection":[{"href":"https:\/\/www.instalighting.de\/hr\/wp-json\/wp\/v2\/jobs"}],"about":[{"href":"https:\/\/www.instalighting.de\/hr\/wp-json\/wp\/v2\/types\/jobs"}],"wp:attachment":[{"href":"https:\/\/www.instalighting.de\/hr\/wp-json\/wp\/v2\/media?parent=13357"}],"curies":[{"name":"wp","href":"https:\/\/api.w.org\/{rel}","templated":true}]}}